{"id":274,"date":"2016-05-27T17:52:27","date_gmt":"2016-05-27T17:52:27","guid":{"rendered":"http:\/\/www.riadmeziana.com\/es\/?page_id=274"},"modified":"2016-06-21T19:25:23","modified_gmt":"2016-06-21T19:25:23","slug":"acerca","status":"publish","type":"page","link":"https:\/\/www.riadmeziana.com\/es\/acerca\/","title":{"rendered":"Acerca"},"content":{"rendered":"<p>[vc_row full_width=&#8221;stretch_row&#8221; parallax=&#8221;content-moving&#8221; parallax_image=&#8221;173&#8243; enable_overlay=&#8221;true&#8221; bg_overlay=&#8221;rgba(0,0,0,0.3)&#8221; css=&#8221;.vc_custom_1464138577011{padding-top: 150px !important;padding-bottom: 80px !important;}&#8221;][vc_column]<div class=\"awe-special-heading text-center\" style=\"color:#ffffff;\"><h2>SOBRE DAR MEZIANA<\/h2><div class=\"awe-subheading below\"><p>Hotel con Encanto<\/p><\/div><\/div>[\/vc_column][\/vc_row][vc_row][vc_column width=&#8221;1\/2&#8243;][vc_raw_html]JTNDaWZyYW1lJTIwd2lkdGglM0QlMjI1NjAlMjIlMjBoZWlnaHQlM0QlMjIzMTUlMjIlMjBzcmMlM0QlMjJodHRwcyUzQSUyRiUyRnd3dy55b3V0dWJlLmNvbSUyRmVtYmVkJTJGVEc4MDhEQkxIcnclMjIlMjBmcmFtZWJvcmRlciUzRCUyMjAlMjIlMjBhbGxvd2Z1bGxzY3JlZW4lM0UlM0MlMkZpZnJhbWUlM0U=[\/vc_raw_html][\/vc_column][vc_column width=&#8221;1\/2&#8243; css=&#8221;.vc_custom_1462715693973{padding-left: 10px !important;}&#8221; enable_overlay=&#8221;true&#8221;]<div class=\"awe-special-heading text-left\"><h2>SOBRE DAR MEZIANA<\/h2><\/div>[vc_column_text size=&#8221;0&#8243; css=&#8221;.vc_custom_1464519418208{padding-left: 10px !important;}&#8221;]El Riad Dar Meziana est\u00e1 situado en el coraz\u00f3n de la medina de Chefchaouen, a 10 minutos a pie de las cataratas de Ras-El-Ma, y en el centro de los principales monumentos de la ciudad de Xauen. El Riad combina una arquitectura marroqu\u00ed y andaluz. Su hermosa terraza con vistas panor\u00e1micas del Rif.<\/p>\n<p>Las habitaciones tienen aire acondicionado y elegantemente decoradas, cuentan con un estilo marroqu\u00ed-andaluz. Con azulejos de colores, los cuartos de ba\u00f1o, duchas y art\u00edculos de higiene personal gratuitos. Algunas habitaciones tienen una zona de estar, mientras que otros tienen-una cama de madera scuplt\u00e9.<\/p>\n<p>Los hu\u00e9spedes pueden disfrutar de un desayuno tradicional todas las ma\u00f1anas en la terraza de Dar Meziana. Las especialidades locales se preparan en el comedor para la cena.[\/vc_column_text][\/vc_column][\/vc_row][vc_row][vc_column width=&#8221;1\/2&#8243;]<div class=\"awe-special-heading text-left\"><h2>M\u00c1S ACERCA DE NOSOTROS<\/h2><\/div>[vc_column_text size=&#8221;0&#8243;]Tambi\u00e9n puede relajarse en el sal\u00f3n o leer un libro de la biblioteca. El Internet inal\u00e1mbrico tambi\u00e9n est\u00e1 disponible para usted de forma gratuita en las zonas comunes. La Kasbah se encuentra a 10 minutos a pie y Parck Natural Bouhachem es de 10 km. Parking p\u00fablico disponible en las inmediaciones a un precio asequible.<\/p>\n<p>Se puede disfrutar tranquilamente de su alojamiento hasta las 12:00 del d\u00eda de salida. El personal es 24\/24, que le ayudar\u00e1 a organizar excursiones y traslados al aeropuerto.<\/p>\n<p>Es el barrio preferido de los viajeros que visitan Chefchaouen, de acuerdo con comentarios clientes no vinculados.<\/p>\n<p>Hablamos tu idioma![\/vc_column_text][\/vc_column][vc_column width=&#8221;1\/2&#8243; css=&#8221;.vc_custom_1462715720769{padding-left: 10px !important;}&#8221; enable_overlay=&#8221;true&#8221;][vc_single_image image=&#8221;158&#8243; img_size=&#8221;full&#8221;][\/vc_column][\/vc_row][vc_row full_width=&#8221;stretch_row&#8221; parallax=&#8221;content-moving&#8221; parallax_image=&#8221;27&#8243; enable_overlay=&#8221;true&#8221; bg_overlay=&#8221;rgba(72,72,72,0.6)&#8221; css=&#8221;.vc_custom_1464138883021{padding-top: 50px !important;padding-bottom: 50px !important;}&#8221;][vc_column]<div class=\"awe-special-heading text-center\" style=\"color:#ffffff;\"><h2>RIAD EN N\u00daMERO<\/h2><\/div>[vc_row_inner][vc_column_inner width=&#8221;1\/4&#8243;]\t\t<div class=\"statistics_item\">\n\t\t\t<span class=\"count\">151<\/span>\n\t\t\t<span>EN LISTA DE FAVORITOS<\/span>\t\t<\/div>\n\t\t[\/vc_column_inner][vc_column_inner width=&#8221;1\/4&#8243;]\t\t<div class=\"statistics_item\">\n\t\t\t<span class=\"count\">932<\/span>\n\t\t\t<span>HABITACI\u00d3N RESERVADAS<\/span>\t\t<\/div>\n\t\t[\/vc_column_inner][vc_column_inner width=&#8221;1\/4&#8243;]\t\t<div class=\"statistics_item\">\n\t\t\t<span class=\"count\">876<\/span>\n\t\t\t<span>MANTENERS INVITADOS<\/span>\t\t<\/div>\n\t\t[\/vc_column_inner][vc_column_inner width=&#8221;1\/4&#8243;]\t\t<div class=\"statistics_item\">\n\t\t\t<span class=\"count\">456<\/span>\n\t\t\t<span>COMIDAS SERVIDAS<\/span>\t\t<\/div>\n\t\t[\/vc_column_inner][\/vc_row_inner][\/vc_column][\/vc_row][vc_row][vc_column]<div class=\"awe-special-heading text-center\" style=\"color:#232323;\"><h2>MIEMBRO DEL EQUIPO<\/h2><\/div>[vc_row_inner][vc_column_inner width=&#8221;1\/3&#8243;][\/vc_column_inner][vc_column_inner width=&#8221;1\/3&#8243;]        <!-- TEAM MEMBER -->\n        <div class=\"team_item text-center\">\n\n            <div class=\"img\">\n                <a href=\"\"><img decoding=\"async\" src=\"https:\/\/www.riadmeziana.com\/wp-content\/uploads\/2016\/05\/ABDESLAM-MOUDDEN-300x187.jpg\" alt=\"ABDESLAM MOUDEN\"><\/a>\n            <\/div>\n\n            <div class=\"text\">\n                <h2>ABDESLAM MOUDEN<\/h2>\n                                    <span>Gerente Dar Meziana y Gu\u00eda tur\u00edstico<\/span>\n                                <p>Abdeslam es el gestor de RAID desde 2015 y Gu\u00eda tur\u00edstico, habla cuatro idiomas: Ingl\u00e9s, \u00e1rabe, espa\u00f1ol y franc\u00e9s.<\/p>\n                                <div class=\"team-share\">\n                    <a href=\"https:\/\/www.facebook.com\/\"><i class=\"fa fa-facebook\"><\/i><\/a><a href=\"#\"><i class=\"fa fa-google-plus\"><\/i><\/a><a href=\"https:\/\/twitter.com\/awethemes\"><i class=\"fa fa-twitter\"><\/i><\/a><a href=\"\" style=\"display:none\"><i class=\"fa fa-github\"><\/i><\/a><a href=\"\" style=\"display:none\"><i class=\"fa fa-instagram\"><\/i><\/a><a href=\"\" style=\"display:none\"><i class=\"fa fa-pinterest\"><\/i><\/a><a href=\"\" style=\"display:none\"><i class=\"fa fa-linkedin\"><\/i><\/a><a href=\"\" style=\"display:none\"><i class=\"fa fa-skype\"><\/i><\/a><a href=\"\" style=\"display:none\"><i class=\"fa fa-tumblr\"><\/i><\/a><a href=\"\" style=\"display:none\"><i class=\"fa fa-youtube\"><\/i><\/a><a href=\"\" style=\"display:none\"><i class=\"fa fa-vimeo-square\"><\/i><\/a><a href=\"\" style=\"display:none\"><i class=\"fa fa-flickr\"><\/i><\/a><a href=\"\" style=\"display:none\"><i class=\"fa fa-dribbble\"><\/i><\/a>                <\/div>\n            <\/div>\n\n        <\/div>\n        <!-- END \/ TEAM MEMBER -->\n        [\/vc_column_inner][vc_column_inner width=&#8221;1\/3&#8243;][\/vc_column_inner][\/vc_row_inner][\/vc_column][\/vc_row][vc_row][vc_column][vc_empty_space height=&#8221;15px&#8221;][\/vc_column][\/vc_row]<\/p>\n","protected":false},"excerpt":{"rendered":"<p>[vc_row full_width=&#8221;stretch_row&#8221; parallax=&#8221;content-moving&#8221; parallax_image=&#8221;173&#8243; enable_overlay=&#8221;true&#8221; bg_overlay=&#8221;rgba(0,0,0,0.3)&#8221; css=&#8221;.vc_custom_1464138577011{padding-top: 150px !important;padding-bottom: 80px !important;}&#8221;][vc_column][\/vc_column][\/vc_row][vc_row][vc_column width=&#8221;1\/2&#8243;][vc_raw_html]JTNDaWZyYW1lJTIwd2lkdGglM0QlMjI1NjAlMjIlMjBoZWlnaHQlM0QlMjIzMTUlMjIlMjBzcmMlM0QlMjJodHRwcyUzQSUyRiUyRnd3dy55b3V0dWJlLmNvbSUyRmVtYmVkJTJGVEc4MDhEQkxIcnclMjIlMjBmcmFtZWJvcmRlciUzRCUyMjAlMjIlMjBhbGxvd2Z1bGxzY3JlZW4lM0UlM0MlMkZpZnJhbWUlM0U=[\/vc_raw_html][\/vc_column][vc_column width=&#8221;1\/2&#8243; css=&#8221;.vc_custom_1462715693973{padding-left: 10px !important;}&#8221; enable_overlay=&#8221;true&#8221;][vc_column_text size=&#8221;0&#8243; css=&#8221;.vc_custom_1464519418208{padding-left: 10px !important;}&#8221;]El Riad Dar Meziana est\u00e1 situado en el coraz\u00f3n de la medina de Chefchaouen, a 10 minutos a pie de las cataratas de Ras-El-Ma, y en el centro de los principales monumentos de la ciudad &hellip;<\/p>\n","protected":false},"author":1,"featured_media":0,"parent":0,"menu_order":0,"comment_status":"closed","ping_status":"closed","template":"","meta":{"footnotes":""},"class_list":["post-274","page","type-page","status-publish","hentry"],"_links":{"self":[{"href":"https:\/\/www.riadmeziana.com\/es\/wp-json\/wp\/v2\/pages\/274","targetHints":{"allow":["GET"]}}],"collection":[{"href":"https:\/\/www.riadmeziana.com\/es\/wp-json\/wp\/v2\/pages"}],"about":[{"href":"https:\/\/www.riadmeziana.com\/es\/wp-json\/wp\/v2\/types\/page"}],"author":[{"embeddable":true,"href":"https:\/\/www.riadmeziana.com\/es\/wp-json\/wp\/v2\/users\/1"}],"replies":[{"embeddable":true,"href":"https:\/\/www.riadmeziana.com\/es\/wp-json\/wp\/v2\/comments?post=274"}],"version-history":[{"count":8,"href":"https:\/\/www.riadmeziana.com\/es\/wp-json\/wp\/v2\/pages\/274\/revisions"}],"predecessor-version":[{"id":433,"href":"https:\/\/www.riadmeziana.com\/es\/wp-json\/wp\/v2\/pages\/274\/revisions\/433"}],"wp:attachment":[{"href":"https:\/\/www.riadmeziana.com\/es\/wp-json\/wp\/v2\/media?parent=274"}],"curies":[{"name":"wp","href":"https:\/\/api.w.org\/{rel}","templated":true}]}}